{"id":116,"date":"2025-02-12T16:58:58","date_gmt":"2025-02-12T15:58:58","guid":{"rendered":"https:\/\/www.hotel-edenia-carnac.fr\/?page_id=116"},"modified":"2026-02-03T13:55:21","modified_gmt":"2026-02-03T12:55:21","slug":"massage-carnac","status":"publish","type":"page","link":"https:\/\/www.hotel-edenia-carnac.fr\/en\/massage-carnac\/","title":{"rendered":"Relaxing"},"content":{"rendered":"<div data-elementor-type=\"wp-page\" data-elementor-id=\"116\" class=\"elementor elementor-116\" data-elementor-post-type=\"page\">\n\t\t\t\t<div class=\"elementor-element elementor-element-5814b2e e-flex e-con-boxed e-con e-parent\" data-id=\"5814b2e\" data-element_type=\"container\" data-settings=\"{&quot;background_background&quot;:&quot;classic&quot;}\">\n\t\t\t\t\t<div class=\"e-con-inner\">\n\t\t\t\t<div class=\"elementor-element elementor-element-62df5f6 elementor-widget elementor-widget-heading\" data-id=\"62df5f6\" data-element_type=\"widget\" data-widget_type=\"heading.default\">\n\t\t\t\t<div class=\"elementor-widget-container\">\n\t\t\t\t\t<h1 class=\"elementor-heading-title elementor-size-default\">Spa Edenia<\/h1>\t\t\t\t<\/div>\n\t\t\t\t<\/div>\n\t\t\t\t\t<\/div>\n\t\t\t\t<\/div>\n\t\t<div class=\"elementor-element elementor-element-0ebbd41 e-con-full e-flex e-con e-parent\" data-id=\"0ebbd41\" data-element_type=\"container\" id=\"firstscreen\" data-settings=\"{&quot;background_background&quot;:&quot;classic&quot;}\">\n\t\t<div class=\"elementor-element elementor-element-aebca5a e-con-full e-flex e-con e-child\" data-id=\"aebca5a\" data-element_type=\"container\">\n\t\t<div class=\"elementor-element elementor-element-8e9970e e-con-full e-flex e-con e-child\" data-id=\"8e9970e\" data-element_type=\"container\">\n\t\t\t\t<div class=\"elementor-element elementor-element-9253aac elementor-widget elementor-widget-heading\" data-id=\"9253aac\" data-element_type=\"widget\" data-widget_type=\"heading.default\">\n\t\t\t\t<div class=\"elementor-widget-container\">\n\t\t\t\t\t<p class=\"elementor-heading-title elementor-size-default\"> Spa<\/p>\t\t\t\t<\/div>\n\t\t\t\t<\/div>\n\t\t\t\t<div class=\"elementor-element elementor-element-7924a00 elementor-widget elementor-widget-heading\" data-id=\"7924a00\" data-element_type=\"widget\" data-widget_type=\"heading.default\">\n\t\t\t\t<div class=\"elementor-widget-container\">\n\t\t\t\t\t<h2 class=\"elementor-heading-title elementor-size-default\">\u00c9denia Hotel<\/h2>\t\t\t\t<\/div>\n\t\t\t\t<\/div>\n\t\t\t\t<\/div>\n\t\t\t\t<div class=\"elementor-element elementor-element-4682d85 elementor-widget__width-initial elementor-widget elementor-widget-text-editor\" data-id=\"4682d85\" data-element_type=\"widget\" data-widget_type=\"text-editor.default\">\n\t\t\t\t<div class=\"elementor-widget-container\">\n\t\t\t\t\t\t\t\t\t<p>Facing Quiberon Bay, the \u00c9denia hotel offers a wellness area where you can enjoy a moment of pure relaxation. In a warm setting, our Spa includes a hammam, a sauna, a sea-view jacuzzi, a Finnish shower and a sensory shower.<\/p><p>\u00a0<\/p><p>As of today, Edenia is delighted to offer its customers a new wellness benefit. In partnership with Spa Diana, we are offering you an exclusive discount of<\/p><p><strong data-start=\"300\" data-end=\"358\">10 % on all care, services and products<\/strong>.<\/p><p data-start=\"361\" data-end=\"514\">This benefit is valid for the entire 2026 season and is reserved for Edenia customers.<br data-start=\"447\" data-end=\"450\" \/><em data-start=\"450\" data-end=\"514\">Offer cannot be combined with current promotions at Spa Diana.<\/em><\/p>\t\t\t\t\t\t\t\t<\/div>\n\t\t\t\t<\/div>\n\t\t<div class=\"elementor-element elementor-element-fd35d12 e-con-full button-container gold e-flex e-con e-child\" data-id=\"fd35d12\" data-element_type=\"container\" data-settings=\"{&quot;background_background&quot;:&quot;classic&quot;}\">\n\t\t\t\t<div class=\"elementor-element elementor-element-7290f94 bouton-commun exit-animation elementor-widget elementor-widget-button\" data-id=\"7290f94\" data-element_type=\"widget\" data-widget_type=\"button.default\">\n\t\t\t\t<div class=\"elementor-widget-container\">\n\t\t\t\t\t\t\t\t\t<div class=\"elementor-button-wrapper\">\n\t\t\t\t\t<a class=\"elementor-button elementor-button-link elementor-size-sm\" href=\"https:\/\/hoteledenia-56340-booking.myasterio.com\/betemplate\/BE_EDENIA\/welcome?kml_code=HOTELEDENIA-56340\" target=\"_blank\" rel=\"nofollow noopener\">\n\t\t\t\t\t\t<span class=\"elementor-button-content-wrapper\">\n\t\t\t\t\t\t\t\t\t<span class=\"elementor-button-text\">Book<\/span>\n\t\t\t\t\t<\/span>\n\t\t\t\t\t<\/a>\n\t\t\t\t<\/div>\n\t\t\t\t\t\t\t\t<\/div>\n\t\t\t\t<\/div>\n\t\t\t\t<div class=\"elementor-element elementor-element-ea9bb0c elementor-widget__width-initial elementor-absolute button-bottom e-transform elementor-widget elementor-widget-image\" data-id=\"ea9bb0c\" data-element_type=\"widget\" data-settings=\"{&quot;_position&quot;:&quot;absolute&quot;,&quot;_transform_translateX_effect&quot;:{&quot;unit&quot;:&quot;%&quot;,&quot;size&quot;:-50,&quot;sizes&quot;:[]},&quot;_transform_translateX_effect_laptop&quot;:{&quot;unit&quot;:&quot;%&quot;,&quot;size&quot;:&quot;&quot;,&quot;sizes&quot;:[]},&quot;_transform_translateX_effect_tablet_extra&quot;:{&quot;unit&quot;:&quot;%&quot;,&quot;size&quot;:&quot;&quot;,&quot;sizes&quot;:[]},&quot;_transform_translateX_effect_tablet&quot;:{&quot;unit&quot;:&quot;%&quot;,&quot;size&quot;:&quot;&quot;,&quot;sizes&quot;:[]},&quot;_transform_translateX_effect_mobile&quot;:{&quot;unit&quot;:&quot;%&quot;,&quot;size&quot;:&quot;&quot;,&quot;sizes&quot;:[]},&quot;_transform_translateY_effect&quot;:{&quot;unit&quot;:&quot;px&quot;,&quot;size&quot;:&quot;&quot;,&quot;sizes&quot;:[]},&quot;_transform_translateY_effect_laptop&quot;:{&quot;unit&quot;:&quot;px&quot;,&quot;size&quot;:&quot;&quot;,&quot;sizes&quot;:[]},&quot;_transform_translateY_effect_tablet_extra&quot;:{&quot;unit&quot;:&quot;px&quot;,&quot;size&quot;:&quot;&quot;,&quot;sizes&quot;:[]},&quot;_transform_translateY_effect_tablet&quot;:{&quot;unit&quot;:&quot;px&quot;,&quot;size&quot;:&quot;&quot;,&quot;sizes&quot;:[]},&quot;_transform_translateY_effect_mobile&quot;:{&quot;unit&quot;:&quot;px&quot;,&quot;size&quot;:&quot;&quot;,&quot;sizes&quot;:[]}}\" data-widget_type=\"image.default\">\n\t\t\t\t<div class=\"elementor-widget-container\">\n\t\t\t\t\t\t\t\t\t\t\t\t\t\t\t<img decoding=\"async\" width=\"99\" height=\"11\" src=\"https:\/\/www.hotel-edenia-carnac.fr\/wp-content\/uploads\/2025\/02\/mask-button.svg\" class=\"attachment-full size-full wp-image-455\" alt=\"\" title=\"\">\t\t\t\t\t\t\t\t\t\t\t\t\t\t\t<\/div>\n\t\t\t\t<\/div>\n\t\t\t\t<\/div>\n\t\t\t\t<\/div>\n\t\t<div class=\"elementor-element elementor-element-8af8961 spa-content e-flex e-con-boxed e-con e-child\" data-id=\"8af8961\" data-element_type=\"container\">\n\t\t\t\t\t<div class=\"e-con-inner\">\n\t\t<div class=\"elementor-element elementor-element-7adf4db e-con-full e-flex e-con e-child\" data-id=\"7adf4db\" data-element_type=\"container\">\n\t\t\t\t<div class=\"elementor-element elementor-element-276fa84 elementor-widget__width-initial elementor-widget elementor-widget-image\" data-id=\"276fa84\" data-element_type=\"widget\" data-widget_type=\"image.default\">\n\t\t\t\t<div class=\"elementor-widget-container\">\n\t\t\t\t\t\t\t\t\t\t\t\t\t\t\t<img fetchpriority=\"high\" decoding=\"async\" width=\"1920\" height=\"2560\" src=\"https:\/\/www.hotel-edenia-carnac.fr\/wp-content\/uploads\/2025\/06\/A7405109-scaled.jpg\" class=\"attachment-full size-full wp-image-4360\" alt=\"\" srcset=\"https:\/\/www.hotel-edenia-carnac.fr\/wp-content\/uploads\/2025\/06\/A7405109-scaled.jpg 1920w, https:\/\/www.hotel-edenia-carnac.fr\/wp-content\/uploads\/2025\/06\/A7405109-225x300.jpg 225w, https:\/\/www.hotel-edenia-carnac.fr\/wp-content\/uploads\/2025\/06\/A7405109-768x1024.jpg 768w, https:\/\/www.hotel-edenia-carnac.fr\/wp-content\/uploads\/2025\/06\/A7405109-1152x1536.jpg 1152w, https:\/\/www.hotel-edenia-carnac.fr\/wp-content\/uploads\/2025\/06\/A7405109-1536x2048.jpg 1536w, https:\/\/www.hotel-edenia-carnac.fr\/wp-content\/uploads\/2025\/06\/A7405109-9x12.jpg 9w\" sizes=\"(max-width: 1920px) 100vw, 1920px\" title=\"\">\t\t\t\t\t\t\t\t\t\t\t\t\t\t\t<\/div>\n\t\t\t\t<\/div>\n\t\t\t\t<div class=\"elementor-element elementor-element-7e92013 elementor-widget__width-initial elementor-hidden-tablet elementor-hidden-mobile elementor-absolute elementor-widget elementor-widget-image\" data-id=\"7e92013\" data-element_type=\"widget\" data-settings=\"{&quot;_position&quot;:&quot;absolute&quot;}\" data-widget_type=\"image.default\">\n\t\t\t\t<div class=\"elementor-widget-container\">\n\t\t\t\t\t\t\t\t\t\t\t\t\t\t\t<img decoding=\"async\" width=\"1920\" height=\"1080\" src=\"https:\/\/www.hotel-edenia-carnac.fr\/wp-content\/uploads\/2025\/03\/gallery_photo_site_internet_edenia_5_.png\" class=\"attachment-full size-full wp-image-3775\" alt=\"\" srcset=\"https:\/\/www.hotel-edenia-carnac.fr\/wp-content\/uploads\/2025\/03\/gallery_photo_site_internet_edenia_5_.png 1920w, https:\/\/www.hotel-edenia-carnac.fr\/wp-content\/uploads\/2025\/03\/gallery_photo_site_internet_edenia_5_-300x169.png 300w, https:\/\/www.hotel-edenia-carnac.fr\/wp-content\/uploads\/2025\/03\/gallery_photo_site_internet_edenia_5_-1024x576.png 1024w, https:\/\/www.hotel-edenia-carnac.fr\/wp-content\/uploads\/2025\/03\/gallery_photo_site_internet_edenia_5_-768x432.png 768w, https:\/\/www.hotel-edenia-carnac.fr\/wp-content\/uploads\/2025\/03\/gallery_photo_site_internet_edenia_5_-1536x864.png 1536w, https:\/\/www.hotel-edenia-carnac.fr\/wp-content\/uploads\/2025\/03\/gallery_photo_site_internet_edenia_5_-18x10.png 18w\" sizes=\"(max-width: 1920px) 100vw, 1920px\" title=\"\">\t\t\t\t\t\t\t\t\t\t\t\t\t\t\t<\/div>\n\t\t\t\t<\/div>\n\t\t\t\t<\/div>\n\t\t<div class=\"elementor-element elementor-element-ae1fad2 e-con-full e-flex e-con e-child\" data-id=\"ae1fad2\" data-element_type=\"container\">\n\t\t<div class=\"elementor-element elementor-element-e6afc0f e-con-full e-flex e-con e-child\" data-id=\"e6afc0f\" data-element_type=\"container\">\n\t\t\t\t<div class=\"elementor-element elementor-element-9ba1089 elementor-widget elementor-widget-heading\" data-id=\"9ba1089\" data-element_type=\"widget\" data-widget_type=\"heading.default\">\n\t\t\t\t<div class=\"elementor-widget-container\">\n\t\t\t\t\t<span class=\"elementor-heading-title elementor-size-default\">Our<\/span>\t\t\t\t<\/div>\n\t\t\t\t<\/div>\n\t\t\t\t<div class=\"elementor-element elementor-element-2544e4b elementor-widget elementor-widget-heading\" data-id=\"2544e4b\" data-element_type=\"widget\" data-widget_type=\"heading.default\">\n\t\t\t\t<div class=\"elementor-widget-container\">\n\t\t\t\t\t<h2 class=\"elementor-heading-title elementor-size-default\">Espace <br>well-being<\/h2>\t\t\t\t<\/div>\n\t\t\t\t<\/div>\n\t\t\t\t<div class=\"elementor-element elementor-element-3b162bb elementor-widget__width-initial elementor-widget elementor-widget-text-editor\" data-id=\"3b162bb\" data-element_type=\"widget\" data-widget_type=\"text-editor.default\">\n\t\t\t\t<div class=\"elementor-widget-container\">\n\t\t\t\t\t\t\t\t\t<p>Facing Quiberon Bay, the \u00c9denia hotel offers you a wellness area where you can enjoy a moment of pure relaxation. In a warm setting, our Spa includes a hammam, a sauna, a sea-view jacuzzi, a Finnish shower and a sensory shower.<\/p><h6><em>(For hotel guests, 45 minutes' access per person per night is included (subject to availability), by booking a time slot before arrival).<\/em><\/h6>\t\t\t\t\t\t\t\t<\/div>\n\t\t\t\t<\/div>\n\t\t\t\t<\/div>\n\t\t\t\t<\/div>\n\t\t\t\t\t<\/div>\n\t\t\t\t<\/div>\n\t\t<div class=\"elementor-element elementor-element-ad4fc54 spa-content elementor-hidden-desktop elementor-hidden-laptop elementor-hidden-tablet_extra elementor-hidden-tablet elementor-hidden-mobile e-flex e-con-boxed e-con e-child\" data-id=\"ad4fc54\" data-element_type=\"container\" data-settings=\"{&quot;background_background&quot;:&quot;classic&quot;}\">\n\t\t\t\t\t<div class=\"e-con-inner\">\n\t\t<div class=\"elementor-element elementor-element-0be6f47 e-con-full e-flex e-con e-child\" data-id=\"0be6f47\" data-element_type=\"container\">\n\t\t<div class=\"elementor-element elementor-element-a7d6fa1 e-flex e-con-boxed e-con e-child\" data-id=\"a7d6fa1\" data-element_type=\"container\" data-settings=\"{&quot;background_background&quot;:&quot;classic&quot;}\">\n\t\t\t\t\t<div class=\"e-con-inner\">\n\t\t\t\t<div class=\"elementor-element elementor-element-9c21648 elementor-widget elementor-widget-heading\" data-id=\"9c21648\" data-element_type=\"widget\" data-widget_type=\"heading.default\">\n\t\t\t\t<div class=\"elementor-widget-container\">\n\t\t\t\t\t<span class=\"elementor-heading-title elementor-size-default\">Our cabins<\/span>\t\t\t\t<\/div>\n\t\t\t\t<\/div>\n\t\t\t\t<div class=\"elementor-element elementor-element-2a12ec2 elementor-widget elementor-widget-heading\" data-id=\"2a12ec2\" data-element_type=\"widget\" data-widget_type=\"heading.default\">\n\t\t\t\t<div class=\"elementor-widget-container\">\n\t\t\t\t\t<h2 class=\"elementor-heading-title elementor-size-default\">care<\/h2>\t\t\t\t<\/div>\n\t\t\t\t<\/div>\n\t\t\t\t\t<\/div>\n\t\t\t\t<\/div>\n\t\t\t\t<div class=\"elementor-element elementor-element-2afaa62 elementor-widget__width-initial elementor-widget elementor-widget-text-editor\" data-id=\"2afaa62\" data-element_type=\"widget\" data-widget_type=\"text-editor.default\">\n\t\t\t\t<div class=\"elementor-widget-container\">\n\t\t\t\t\t\t\t\t\t<p>On Carnac's long beach, enjoy the quality of our Estime &amp; Sens treatments as a couple, with friends or on your own! Our Estime &amp; Sens Spa has four treatment rooms, one of which is for couples, facing the sea, so you can enjoy the best massages in Carnac.<\/p>\t\t\t\t\t\t\t\t<\/div>\n\t\t\t\t<\/div>\n\t\t\t\t<\/div>\n\t\t<div class=\"elementor-element elementor-element-22b688d e-con-full e-flex e-con e-child\" data-id=\"22b688d\" data-element_type=\"container\">\n\t\t\t\t<div class=\"elementor-element elementor-element-6eacb45 elementor-widget__width-initial elementor-absolute square-img elementor-widget elementor-widget-image\" data-id=\"6eacb45\" data-element_type=\"widget\" data-settings=\"{&quot;_position&quot;:&quot;absolute&quot;}\" data-widget_type=\"image.default\">\n\t\t\t\t<div class=\"elementor-widget-container\">\n\t\t\t\t\t\t\t\t\t\t\t\t\t\t\t<img loading=\"lazy\" decoding=\"async\" width=\"1920\" height=\"1080\" src=\"https:\/\/www.hotel-edenia-carnac.fr\/wp-content\/uploads\/2025\/03\/gallery_photo_site_internet_edenia_4_.png\" class=\"attachment-full size-full wp-image-3774\" alt=\"\" srcset=\"https:\/\/www.hotel-edenia-carnac.fr\/wp-content\/uploads\/2025\/03\/gallery_photo_site_internet_edenia_4_.png 1920w, https:\/\/www.hotel-edenia-carnac.fr\/wp-content\/uploads\/2025\/03\/gallery_photo_site_internet_edenia_4_-300x169.png 300w, https:\/\/www.hotel-edenia-carnac.fr\/wp-content\/uploads\/2025\/03\/gallery_photo_site_internet_edenia_4_-1024x576.png 1024w, https:\/\/www.hotel-edenia-carnac.fr\/wp-content\/uploads\/2025\/03\/gallery_photo_site_internet_edenia_4_-768x432.png 768w, https:\/\/www.hotel-edenia-carnac.fr\/wp-content\/uploads\/2025\/03\/gallery_photo_site_internet_edenia_4_-1536x864.png 1536w, https:\/\/www.hotel-edenia-carnac.fr\/wp-content\/uploads\/2025\/03\/gallery_photo_site_internet_edenia_4_-18x10.png 18w\" sizes=\"(max-width: 1920px) 100vw, 1920px\" title=\"\">\t\t\t\t\t\t\t\t\t\t\t\t\t\t\t<\/div>\n\t\t\t\t<\/div>\n\t\t\t\t<div class=\"elementor-element elementor-element-3273589 elementor-widget__width-inherit elementor-widget-tablet__width-initial square-img elementor-widget elementor-widget-image\" data-id=\"3273589\" data-element_type=\"widget\" data-widget_type=\"image.default\">\n\t\t\t\t<div class=\"elementor-widget-container\">\n\t\t\t\t\t\t\t\t\t\t\t\t\t\t\t<img loading=\"lazy\" decoding=\"async\" width=\"1920\" height=\"1080\" src=\"https:\/\/www.hotel-edenia-carnac.fr\/wp-content\/uploads\/2025\/03\/ce5c9c0e6827234795351566d77d3fad-hotel-edenia-spa-carnac-6-6569b59a77fd7.jpg\" class=\"attachment-full size-full wp-image-3578\" alt=\"\" srcset=\"https:\/\/www.hotel-edenia-carnac.fr\/wp-content\/uploads\/2025\/03\/ce5c9c0e6827234795351566d77d3fad-hotel-edenia-spa-carnac-6-6569b59a77fd7.jpg 1920w, https:\/\/www.hotel-edenia-carnac.fr\/wp-content\/uploads\/2025\/03\/ce5c9c0e6827234795351566d77d3fad-hotel-edenia-spa-carnac-6-6569b59a77fd7-300x169.jpg 300w, https:\/\/www.hotel-edenia-carnac.fr\/wp-content\/uploads\/2025\/03\/ce5c9c0e6827234795351566d77d3fad-hotel-edenia-spa-carnac-6-6569b59a77fd7-1024x576.jpg 1024w, https:\/\/www.hotel-edenia-carnac.fr\/wp-content\/uploads\/2025\/03\/ce5c9c0e6827234795351566d77d3fad-hotel-edenia-spa-carnac-6-6569b59a77fd7-768x432.jpg 768w, https:\/\/www.hotel-edenia-carnac.fr\/wp-content\/uploads\/2025\/03\/ce5c9c0e6827234795351566d77d3fad-hotel-edenia-spa-carnac-6-6569b59a77fd7-1536x864.jpg 1536w, https:\/\/www.hotel-edenia-carnac.fr\/wp-content\/uploads\/2025\/03\/ce5c9c0e6827234795351566d77d3fad-hotel-edenia-spa-carnac-6-6569b59a77fd7-18x10.jpg 18w\" sizes=\"(max-width: 1920px) 100vw, 1920px\" title=\"\">\t\t\t\t\t\t\t\t\t\t\t\t\t\t\t<\/div>\n\t\t\t\t<\/div>\n\t\t\t\t<\/div>\n\t\t\t\t\t<\/div>\n\t\t\t\t<\/div>\n\t\t\t\t<\/div>\n\t\t<div class=\"elementor-element elementor-element-b3bf96c elementor-hidden-desktop elementor-hidden-laptop elementor-hidden-tablet_extra elementor-hidden-tablet elementor-hidden-mobile e-flex e-con-boxed e-con e-parent\" data-id=\"b3bf96c\" data-element_type=\"container\" data-settings=\"{&quot;background_background&quot;:&quot;classic&quot;}\">\n\t\t\t\t\t<div class=\"e-con-inner\">\n\t\t\t\t<div class=\"elementor-element elementor-element-e748dd8 elementor-absolute elementor-widget elementor-widget-image\" data-id=\"e748dd8\" data-element_type=\"widget\" data-settings=\"{&quot;_position&quot;:&quot;absolute&quot;}\" data-widget_type=\"image.default\">\n\t\t\t\t<div class=\"elementor-widget-container\">\n\t\t\t\t\t\t\t\t\t\t\t\t\t\t\t<img loading=\"lazy\" decoding=\"async\" width=\"150\" height=\"150\" src=\"https:\/\/www.hotel-edenia-carnac.fr\/wp-content\/uploads\/2025\/04\/E_S-LOGO-CMJN-150x150-1.png\" class=\"attachment-full size-full wp-image-3953\" alt=\"\" srcset=\"https:\/\/www.hotel-edenia-carnac.fr\/wp-content\/uploads\/2025\/04\/E_S-LOGO-CMJN-150x150-1.png 150w, https:\/\/www.hotel-edenia-carnac.fr\/wp-content\/uploads\/2025\/04\/E_S-LOGO-CMJN-150x150-1-12x12.png 12w\" sizes=\"(max-width: 150px) 100vw, 150px\" title=\"\">\t\t\t\t\t\t\t\t\t\t\t\t\t\t\t<\/div>\n\t\t\t\t<\/div>\n\t\t<div class=\"elementor-element elementor-element-f211259 e-con-full e-flex e-con e-child\" data-id=\"f211259\" data-element_type=\"container\">\n\t\t\t\t<div class=\"elementor-element elementor-element-979d307 elementor-widget__width-initial elementor-widget elementor-widget-image\" data-id=\"979d307\" data-element_type=\"widget\" data-widget_type=\"image.default\">\n\t\t\t\t<div class=\"elementor-widget-container\">\n\t\t\t\t\t\t\t\t\t\t\t\t\t\t\t<img loading=\"lazy\" decoding=\"async\" width=\"1080\" height=\"1920\" src=\"https:\/\/www.hotel-edenia-carnac.fr\/wp-content\/uploads\/2025\/03\/gallery_design_sans_titre.jpg\" class=\"attachment-full size-full wp-image-3779\" alt=\"\" srcset=\"https:\/\/www.hotel-edenia-carnac.fr\/wp-content\/uploads\/2025\/03\/gallery_design_sans_titre.jpg 1080w, https:\/\/www.hotel-edenia-carnac.fr\/wp-content\/uploads\/2025\/03\/gallery_design_sans_titre-169x300.jpg 169w, https:\/\/www.hotel-edenia-carnac.fr\/wp-content\/uploads\/2025\/03\/gallery_design_sans_titre-576x1024.jpg 576w, https:\/\/www.hotel-edenia-carnac.fr\/wp-content\/uploads\/2025\/03\/gallery_design_sans_titre-768x1365.jpg 768w, https:\/\/www.hotel-edenia-carnac.fr\/wp-content\/uploads\/2025\/03\/gallery_design_sans_titre-864x1536.jpg 864w, https:\/\/www.hotel-edenia-carnac.fr\/wp-content\/uploads\/2025\/03\/gallery_design_sans_titre-7x12.jpg 7w\" sizes=\"(max-width: 1080px) 100vw, 1080px\" title=\"\">\t\t\t\t\t\t\t\t\t\t\t\t\t\t\t<\/div>\n\t\t\t\t<\/div>\n\t\t\t\t<\/div>\n\t\t<div class=\"elementor-element elementor-element-95f8a0f e-con-full e-flex e-con e-child\" data-id=\"95f8a0f\" data-element_type=\"container\">\n\t\t<div class=\"elementor-element elementor-element-61848a8 e-con-full e-flex e-con e-child\" data-id=\"61848a8\" data-element_type=\"container\">\n\t\t\t\t<div class=\"elementor-element elementor-element-b4f366c elementor-widget elementor-widget-heading\" data-id=\"b4f366c\" data-element_type=\"widget\" data-widget_type=\"heading.default\">\n\t\t\t\t<div class=\"elementor-widget-container\">\n\t\t\t\t\t<span class=\"elementor-heading-title elementor-size-default\">Our<\/span>\t\t\t\t<\/div>\n\t\t\t\t<\/div>\n\t\t\t\t<div class=\"elementor-element elementor-element-5275a30 elementor-widget elementor-widget-heading\" data-id=\"5275a30\" data-element_type=\"widget\" data-widget_type=\"heading.default\">\n\t\t\t\t<div class=\"elementor-widget-container\">\n\t\t\t\t\t<h2 class=\"elementor-heading-title elementor-size-default\">Care <\/h2>\t\t\t\t<\/div>\n\t\t\t\t<\/div>\n\t\t\t\t<\/div>\n\t\t\t\t<div class=\"elementor-element elementor-element-7aecfe1 elementor-widget__width-initial elementor-widget elementor-widget-text-editor\" data-id=\"7aecfe1\" data-element_type=\"widget\" data-widget_type=\"text-editor.default\">\n\t\t\t\t<div class=\"elementor-widget-container\">\n\t\t\t\t\t\t\t\t\t<p>We are committed to offering quality products for your skin, but also for the environment. That's why we've chosen to work with the organic cosmetics brand Estime &amp; Sens. Estime &amp; Sens chose organic cosmetics out of conviction, because respect for health and nature is a core value of their brand and the products they offer. The brand is Ecocert certified and has the Cosm\u00e9bio label. All their products are made in laboratories in Brittany. A real moment for yourself, our expert practitioners listen to you for a personalised Estime &amp; Sens 100% treatment.<\/p>\t\t\t\t\t\t\t\t<\/div>\n\t\t\t\t<\/div>\n\t\t<div class=\"elementor-element elementor-element-313e9be e-con-full button-container gold e-flex e-con e-child\" data-id=\"313e9be\" data-element_type=\"container\" data-settings=\"{&quot;background_background&quot;:&quot;classic&quot;}\">\n\t\t\t\t<div class=\"elementor-element elementor-element-532004d bouton-commun exit-animation elementor-widget elementor-widget-button\" data-id=\"532004d\" data-element_type=\"widget\" data-widget_type=\"button.default\">\n\t\t\t\t<div class=\"elementor-widget-container\">\n\t\t\t\t\t\t\t\t\t<div class=\"elementor-button-wrapper\">\n\t\t\t\t\t<a class=\"elementor-button elementor-button-link elementor-size-sm\" href=\"https:\/\/www.hotel-edenia-carnac.fr\/wp-content\/uploads\/2025\/07\/Carte-de-soins-Edenia-2025.pdf\" target=\"_blank\">\n\t\t\t\t\t\t<span class=\"elementor-button-content-wrapper\">\n\t\t\t\t\t\t\t\t\t<span class=\"elementor-button-text\">Our treatment menu<\/span>\n\t\t\t\t\t<\/span>\n\t\t\t\t\t<\/a>\n\t\t\t\t<\/div>\n\t\t\t\t\t\t\t\t<\/div>\n\t\t\t\t<\/div>\n\t\t\t\t<div class=\"elementor-element elementor-element-a960cb9 elementor-widget__width-initial elementor-absolute button-bottom e-transform elementor-widget elementor-widget-image\" data-id=\"a960cb9\" data-element_type=\"widget\" data-settings=\"{&quot;_position&quot;:&quot;absolute&quot;,&quot;_transform_translateX_effect&quot;:{&quot;unit&quot;:&quot;%&quot;,&quot;size&quot;:-50,&quot;sizes&quot;:[]},&quot;_transform_translateX_effect_laptop&quot;:{&quot;unit&quot;:&quot;%&quot;,&quot;size&quot;:&quot;&quot;,&quot;sizes&quot;:[]},&quot;_transform_translateX_effect_tablet_extra&quot;:{&quot;unit&quot;:&quot;%&quot;,&quot;size&quot;:&quot;&quot;,&quot;sizes&quot;:[]},&quot;_transform_translateX_effect_tablet&quot;:{&quot;unit&quot;:&quot;%&quot;,&quot;size&quot;:&quot;&quot;,&quot;sizes&quot;:[]},&quot;_transform_translateX_effect_mobile&quot;:{&quot;unit&quot;:&quot;%&quot;,&quot;size&quot;:&quot;&quot;,&quot;sizes&quot;:[]},&quot;_transform_translateY_effect&quot;:{&quot;unit&quot;:&quot;px&quot;,&quot;size&quot;:&quot;&quot;,&quot;sizes&quot;:[]},&quot;_transform_translateY_effect_laptop&quot;:{&quot;unit&quot;:&quot;px&quot;,&quot;size&quot;:&quot;&quot;,&quot;sizes&quot;:[]},&quot;_transform_translateY_effect_tablet_extra&quot;:{&quot;unit&quot;:&quot;px&quot;,&quot;size&quot;:&quot;&quot;,&quot;sizes&quot;:[]},&quot;_transform_translateY_effect_tablet&quot;:{&quot;unit&quot;:&quot;px&quot;,&quot;size&quot;:&quot;&quot;,&quot;sizes&quot;:[]},&quot;_transform_translateY_effect_mobile&quot;:{&quot;unit&quot;:&quot;px&quot;,&quot;size&quot;:&quot;&quot;,&quot;sizes&quot;:[]}}\" data-widget_type=\"image.default\">\n\t\t\t\t<div class=\"elementor-widget-container\">\n\t\t\t\t\t\t\t\t\t\t\t\t\t\t\t<img decoding=\"async\" width=\"99\" height=\"11\" src=\"https:\/\/www.hotel-edenia-carnac.fr\/wp-content\/uploads\/2025\/02\/mask-button.svg\" class=\"attachment-full size-full wp-image-455\" alt=\"\" title=\"\">\t\t\t\t\t\t\t\t\t\t\t\t\t\t\t<\/div>\n\t\t\t\t<\/div>\n\t\t\t\t<\/div>\n\t\t\t\t<div class=\"elementor-element elementor-element-4429c04 elementor-widget__width-initial e-transform elementor-hidden-tablet elementor-hidden-mobile square-img elementor-widget elementor-widget-image\" data-id=\"4429c04\" data-element_type=\"widget\" data-settings=\"{&quot;_transform_translateY_effect&quot;:{&quot;unit&quot;:&quot;%&quot;,&quot;size&quot;:20,&quot;sizes&quot;:[]},&quot;_transform_translateY_effect_laptop&quot;:{&quot;unit&quot;:&quot;%&quot;,&quot;size&quot;:&quot;&quot;,&quot;sizes&quot;:[]},&quot;_transform_translateY_effect_tablet_extra&quot;:{&quot;unit&quot;:&quot;%&quot;,&quot;size&quot;:&quot;&quot;,&quot;sizes&quot;:[]},&quot;_transform_translateY_effect_tablet&quot;:{&quot;unit&quot;:&quot;%&quot;,&quot;size&quot;:&quot;&quot;,&quot;sizes&quot;:[]},&quot;_transform_translateY_effect_mobile&quot;:{&quot;unit&quot;:&quot;%&quot;,&quot;size&quot;:&quot;&quot;,&quot;sizes&quot;:[]},&quot;_transform_translateX_effect&quot;:{&quot;unit&quot;:&quot;px&quot;,&quot;size&quot;:&quot;&quot;,&quot;sizes&quot;:[]},&quot;_transform_translateX_effect_laptop&quot;:{&quot;unit&quot;:&quot;px&quot;,&quot;size&quot;:&quot;&quot;,&quot;sizes&quot;:[]},&quot;_transform_translateX_effect_tablet_extra&quot;:{&quot;unit&quot;:&quot;px&quot;,&quot;size&quot;:&quot;&quot;,&quot;sizes&quot;:[]},&quot;_transform_translateX_effect_tablet&quot;:{&quot;unit&quot;:&quot;px&quot;,&quot;size&quot;:&quot;&quot;,&quot;sizes&quot;:[]},&quot;_transform_translateX_effect_mobile&quot;:{&quot;unit&quot;:&quot;px&quot;,&quot;size&quot;:&quot;&quot;,&quot;sizes&quot;:[]}}\" data-widget_type=\"image.default\">\n\t\t\t\t<div class=\"elementor-widget-container\">\n\t\t\t\t\t\t\t\t\t\t\t\t\t\t\t<img loading=\"lazy\" decoding=\"async\" width=\"1920\" height=\"1440\" src=\"https:\/\/www.hotel-edenia-carnac.fr\/wp-content\/uploads\/2025\/03\/gallery_spa-la-canopee-carnac-estime-et-sens-0423-2.jpg\" class=\"attachment-full size-full wp-image-3778\" alt=\"\" srcset=\"https:\/\/www.hotel-edenia-carnac.fr\/wp-content\/uploads\/2025\/03\/gallery_spa-la-canopee-carnac-estime-et-sens-0423-2.jpg 1920w, https:\/\/www.hotel-edenia-carnac.fr\/wp-content\/uploads\/2025\/03\/gallery_spa-la-canopee-carnac-estime-et-sens-0423-2-300x225.jpg 300w, https:\/\/www.hotel-edenia-carnac.fr\/wp-content\/uploads\/2025\/03\/gallery_spa-la-canopee-carnac-estime-et-sens-0423-2-1024x768.jpg 1024w, https:\/\/www.hotel-edenia-carnac.fr\/wp-content\/uploads\/2025\/03\/gallery_spa-la-canopee-carnac-estime-et-sens-0423-2-768x576.jpg 768w, https:\/\/www.hotel-edenia-carnac.fr\/wp-content\/uploads\/2025\/03\/gallery_spa-la-canopee-carnac-estime-et-sens-0423-2-1536x1152.jpg 1536w, https:\/\/www.hotel-edenia-carnac.fr\/wp-content\/uploads\/2025\/03\/gallery_spa-la-canopee-carnac-estime-et-sens-0423-2-16x12.jpg 16w\" sizes=\"(max-width: 1920px) 100vw, 1920px\" title=\"\">\t\t\t\t\t\t\t\t\t\t\t\t\t\t\t<\/div>\n\t\t\t\t<\/div>\n\t\t\t\t<\/div>\n\t\t\t\t\t<\/div>\n\t\t\t\t<\/div>\n\t\t<div class=\"elementor-element elementor-element-9ce4f4d e-flex e-con-boxed e-con e-parent\" data-id=\"9ce4f4d\" data-element_type=\"container\" data-settings=\"{&quot;background_background&quot;:&quot;classic&quot;}\">\n\t\t\t\t\t<div class=\"e-con-inner\">\n\t\t\t\t<div class=\"elementor-element elementor-element-6fa34fe elementor-widget elementor-widget-heading\" data-id=\"6fa34fe\" data-element_type=\"widget\" data-widget_type=\"heading.default\">\n\t\t\t\t<div class=\"elementor-widget-container\">\n\t\t\t\t\t<h2 class=\"elementor-heading-title elementor-size-default\">The wellness area in pictures<\/h2>\t\t\t\t<\/div>\n\t\t\t\t<\/div>\n\t\t\t\t<div class=\"elementor-element elementor-element-7efa8ab elementor-widget__width-initial relax-gallery elementor-widget elementor-widget-gallery\" data-id=\"7efa8ab\" data-element_type=\"widget\" data-settings=\"{&quot;columns&quot;:3,&quot;columns_laptop&quot;:3,&quot;columns_mobile&quot;:2,&quot;gap&quot;:{&quot;unit&quot;:&quot;px&quot;,&quot;size&quot;:0,&quot;sizes&quot;:[]},&quot;gap_laptop&quot;:{&quot;unit&quot;:&quot;px&quot;,&quot;size&quot;:0,&quot;sizes&quot;:[]},&quot;gap_tablet_extra&quot;:{&quot;unit&quot;:&quot;px&quot;,&quot;size&quot;:0,&quot;sizes&quot;:[]},&quot;gap_tablet&quot;:{&quot;unit&quot;:&quot;px&quot;,&quot;size&quot;:0,&quot;sizes&quot;:[]},&quot;gap_mobile&quot;:{&quot;unit&quot;:&quot;px&quot;,&quot;size&quot;:0,&quot;sizes&quot;:[]},&quot;aspect_ratio&quot;:&quot;1:1&quot;,&quot;gallery_layout&quot;:&quot;grid&quot;,&quot;columns_tablet&quot;:2,&quot;link_to&quot;:&quot;file&quot;,&quot;overlay_background&quot;:&quot;yes&quot;,&quot;content_hover_animation&quot;:&quot;fade-in&quot;}\" data-widget_type=\"gallery.default\">\n\t\t\t\t<div class=\"elementor-widget-container\">\n\t\t\t\t\t\t\t<div class=\"elementor-gallery__container\">\n\t\t\t\t\t\t\t<a class=\"e-gallery-item elementor-gallery-item elementor-animated-content\" href=\"https:\/\/www.hotel-edenia-carnac.fr\/wp-content\/uploads\/2025\/03\/gallery_photo_site_internet_edenia_2_.png\" data-elementor-open-lightbox=\"yes\" data-elementor-lightbox-slideshow=\"7efa8ab\" data-elementor-lightbox-title=\"_gallery_photo_site_internet_\u00e9denia_2_\" data-e-action-hash=\"#elementor-action%3Aaction%3Dlightbox%26settings%3DeyJpZCI6Mzc3MiwidXJsIjoiaHR0cHM6XC9cL3d3dy5ob3RlbC1lZGVuaWEtY2FybmFjLmZyXC93cC1jb250ZW50XC91cGxvYWRzXC8yMDI1XC8wM1wvZ2FsbGVyeV9waG90b19zaXRlX2ludGVybmV0X2VkZW5pYV8yXy5wbmciLCJzbGlkZXNob3ciOiI3ZWZhOGFiIn0%3D\">\n\t\t\t\t\t<div class=\"e-gallery-image elementor-gallery-item__image\" data-thumbnail=\"https:\/\/www.hotel-edenia-carnac.fr\/wp-content\/uploads\/2025\/03\/gallery_photo_site_internet_edenia_2_.png\" data-width=\"1920\" data-height=\"1080\" aria-label=\"\" role=\"img\" ><\/div>\n\t\t\t\t\t\t\t\t\t\t\t<div class=\"elementor-gallery-item__overlay\"><\/div>\n\t\t\t\t\t\t\t\t\t\t\t\t\t\t<\/a>\n\t\t\t\t\t\t\t<a class=\"e-gallery-item elementor-gallery-item elementor-animated-content\" href=\"https:\/\/www.hotel-edenia-carnac.fr\/wp-content\/uploads\/2025\/09\/A7405053-HDR-scaled.jpg\" data-elementor-open-lightbox=\"yes\" data-elementor-lightbox-slideshow=\"7efa8ab\" data-elementor-lightbox-title=\"A7405053-HDR\" data-e-action-hash=\"#elementor-action%3Aaction%3Dlightbox%26settings%3DeyJpZCI6NDc0NywidXJsIjoiaHR0cHM6XC9cL3d3dy5ob3RlbC1lZGVuaWEtY2FybmFjLmZyXC93cC1jb250ZW50XC91cGxvYWRzXC8yMDI1XC8wOVwvQTc0MDUwNTMtSERSLXNjYWxlZC5qcGciLCJzbGlkZXNob3ciOiI3ZWZhOGFiIn0%3D\">\n\t\t\t\t\t<div class=\"e-gallery-image elementor-gallery-item__image\" data-thumbnail=\"https:\/\/www.hotel-edenia-carnac.fr\/wp-content\/uploads\/2025\/09\/A7405053-HDR-scaled.jpg\" data-width=\"2560\" data-height=\"1707\" aria-label=\"\" role=\"img\" ><\/div>\n\t\t\t\t\t\t\t\t\t\t\t<div class=\"elementor-gallery-item__overlay\"><\/div>\n\t\t\t\t\t\t\t\t\t\t\t\t\t\t<\/a>\n\t\t\t\t\t\t\t<a class=\"e-gallery-item elementor-gallery-item elementor-animated-content\" href=\"https:\/\/www.hotel-edenia-carnac.fr\/wp-content\/uploads\/2025\/09\/A7405062-HDR-scaled.jpg\" data-elementor-open-lightbox=\"yes\" data-elementor-lightbox-slideshow=\"7efa8ab\" data-elementor-lightbox-title=\"A7405062-HDR\" data-e-action-hash=\"#elementor-action%3Aaction%3Dlightbox%26settings%3DeyJpZCI6NDc0NiwidXJsIjoiaHR0cHM6XC9cL3d3dy5ob3RlbC1lZGVuaWEtY2FybmFjLmZyXC93cC1jb250ZW50XC91cGxvYWRzXC8yMDI1XC8wOVwvQTc0MDUwNjItSERSLXNjYWxlZC5qcGciLCJzbGlkZXNob3ciOiI3ZWZhOGFiIn0%3D\">\n\t\t\t\t\t<div class=\"e-gallery-image elementor-gallery-item__image\" data-thumbnail=\"https:\/\/www.hotel-edenia-carnac.fr\/wp-content\/uploads\/2025\/09\/A7405062-HDR-scaled.jpg\" data-width=\"2560\" data-height=\"1707\" aria-label=\"\" role=\"img\" ><\/div>\n\t\t\t\t\t\t\t\t\t\t\t<div class=\"elementor-gallery-item__overlay\"><\/div>\n\t\t\t\t\t\t\t\t\t\t\t\t\t\t<\/a>\n\t\t\t\t\t\t\t<a class=\"e-gallery-item elementor-gallery-item elementor-animated-content\" href=\"https:\/\/www.hotel-edenia-carnac.fr\/wp-content\/uploads\/2025\/03\/gallery_design_sans_titre.jpg\" data-elementor-open-lightbox=\"yes\" data-elementor-lightbox-slideshow=\"7efa8ab\" data-elementor-lightbox-title=\"_gallery_design_sans_titre\" data-e-action-hash=\"#elementor-action%3Aaction%3Dlightbox%26settings%3DeyJpZCI6Mzc3OSwidXJsIjoiaHR0cHM6XC9cL3d3dy5ob3RlbC1lZGVuaWEtY2FybmFjLmZyXC93cC1jb250ZW50XC91cGxvYWRzXC8yMDI1XC8wM1wvZ2FsbGVyeV9kZXNpZ25fc2Fuc190aXRyZS5qcGciLCJzbGlkZXNob3ciOiI3ZWZhOGFiIn0%3D\">\n\t\t\t\t\t<div class=\"e-gallery-image elementor-gallery-item__image\" data-thumbnail=\"https:\/\/www.hotel-edenia-carnac.fr\/wp-content\/uploads\/2025\/03\/gallery_design_sans_titre.jpg\" data-width=\"1080\" data-height=\"1920\" aria-label=\"\" role=\"img\" ><\/div>\n\t\t\t\t\t\t\t\t\t\t\t<div class=\"elementor-gallery-item__overlay\"><\/div>\n\t\t\t\t\t\t\t\t\t\t\t\t\t\t<\/a>\n\t\t\t\t\t\t\t<a class=\"e-gallery-item elementor-gallery-item elementor-animated-content\" href=\"https:\/\/www.hotel-edenia-carnac.fr\/wp-content\/uploads\/2025\/03\/gallery_photo_site_internet_edenia_9_.png\" data-elementor-open-lightbox=\"yes\" data-elementor-lightbox-slideshow=\"7efa8ab\" data-elementor-lightbox-title=\"_gallery_photo_site_internet_\u00e9denia_9_\" data-e-action-hash=\"#elementor-action%3Aaction%3Dlightbox%26settings%3DeyJpZCI6Mzc3NywidXJsIjoiaHR0cHM6XC9cL3d3dy5ob3RlbC1lZGVuaWEtY2FybmFjLmZyXC93cC1jb250ZW50XC91cGxvYWRzXC8yMDI1XC8wM1wvZ2FsbGVyeV9waG90b19zaXRlX2ludGVybmV0X2VkZW5pYV85Xy5wbmciLCJzbGlkZXNob3ciOiI3ZWZhOGFiIn0%3D\">\n\t\t\t\t\t<div class=\"e-gallery-image elementor-gallery-item__image\" data-thumbnail=\"https:\/\/www.hotel-edenia-carnac.fr\/wp-content\/uploads\/2025\/03\/gallery_photo_site_internet_edenia_9_.png\" data-width=\"1920\" data-height=\"1080\" aria-label=\"\" role=\"img\" ><\/div>\n\t\t\t\t\t\t\t\t\t\t\t<div class=\"elementor-gallery-item__overlay\"><\/div>\n\t\t\t\t\t\t\t\t\t\t\t\t\t\t<\/a>\n\t\t\t\t\t\t\t<a class=\"e-gallery-item elementor-gallery-item elementor-animated-content\" href=\"https:\/\/www.hotel-edenia-carnac.fr\/wp-content\/uploads\/2025\/03\/gallery_photo_site_internet_edenia_5_.png\" data-elementor-open-lightbox=\"yes\" data-elementor-lightbox-slideshow=\"7efa8ab\" data-elementor-lightbox-title=\"_gallery_photo_site_internet_\u00e9denia_5_\" data-e-action-hash=\"#elementor-action%3Aaction%3Dlightbox%26settings%3DeyJpZCI6Mzc3NSwidXJsIjoiaHR0cHM6XC9cL3d3dy5ob3RlbC1lZGVuaWEtY2FybmFjLmZyXC93cC1jb250ZW50XC91cGxvYWRzXC8yMDI1XC8wM1wvZ2FsbGVyeV9waG90b19zaXRlX2ludGVybmV0X2VkZW5pYV81Xy5wbmciLCJzbGlkZXNob3ciOiI3ZWZhOGFiIn0%3D\">\n\t\t\t\t\t<div class=\"e-gallery-image elementor-gallery-item__image\" data-thumbnail=\"https:\/\/www.hotel-edenia-carnac.fr\/wp-content\/uploads\/2025\/03\/gallery_photo_site_internet_edenia_5_.png\" data-width=\"1920\" data-height=\"1080\" aria-label=\"\" role=\"img\" ><\/div>\n\t\t\t\t\t\t\t\t\t\t\t<div class=\"elementor-gallery-item__overlay\"><\/div>\n\t\t\t\t\t\t\t\t\t\t\t\t\t\t<\/a>\n\t\t\t\t\t\t\t<a class=\"e-gallery-item elementor-gallery-item elementor-animated-content\" href=\"https:\/\/www.hotel-edenia-carnac.fr\/wp-content\/uploads\/2025\/03\/gallery_jacuzzi-vue-mer-carnac-spa-la-canopee-2.jpg\" data-elementor-open-lightbox=\"yes\" data-elementor-lightbox-slideshow=\"7efa8ab\" data-elementor-lightbox-title=\"_gallery_jacuzzi-vue-mer-carnac-spa-la-canopee-2\" data-e-action-hash=\"#elementor-action%3Aaction%3Dlightbox%26settings%3DeyJpZCI6Mzc4MCwidXJsIjoiaHR0cHM6XC9cL3d3dy5ob3RlbC1lZGVuaWEtY2FybmFjLmZyXC93cC1jb250ZW50XC91cGxvYWRzXC8yMDI1XC8wM1wvZ2FsbGVyeV9qYWN1enppLXZ1ZS1tZXItY2FybmFjLXNwYS1sYS1jYW5vcGVlLTIuanBnIiwic2xpZGVzaG93IjoiN2VmYThhYiJ9\">\n\t\t\t\t\t<div class=\"e-gallery-image elementor-gallery-item__image\" data-thumbnail=\"https:\/\/www.hotel-edenia-carnac.fr\/wp-content\/uploads\/2025\/03\/gallery_jacuzzi-vue-mer-carnac-spa-la-canopee-2.jpg\" data-width=\"1920\" data-height=\"1440\" aria-label=\"\" role=\"img\" ><\/div>\n\t\t\t\t\t\t\t\t\t\t\t<div class=\"elementor-gallery-item__overlay\"><\/div>\n\t\t\t\t\t\t\t\t\t\t\t\t\t\t<\/a>\n\t\t\t\t\t<\/div>\n\t\t\t\t\t<\/div>\n\t\t\t\t<\/div>\n\t\t\t\t\t<\/div>\n\t\t\t\t<\/div>\n\t\t<div class=\"elementor-element elementor-element-df00d71 e-con-full e-flex e-con e-parent\" data-id=\"df00d71\" data-element_type=\"container\" data-settings=\"{&quot;background_background&quot;:&quot;classic&quot;}\">\n\t\t\t\t<div class=\"elementor-element elementor-element-0590cbc elementor-widget__width-auto elementor-absolute elementor-hidden-tablet elementor-hidden-mobile elementor-widget elementor-widget-image\" data-id=\"0590cbc\" data-element_type=\"widget\" data-settings=\"{&quot;_position&quot;:&quot;absolute&quot;}\" data-widget_type=\"image.default\">\n\t\t\t\t<div class=\"elementor-widget-container\">\n\t\t\t\t\t\t\t\t\t\t\t\t\t\t\t<img loading=\"lazy\" decoding=\"async\" width=\"197\" height=\"363\" src=\"https:\/\/www.hotel-edenia-carnac.fr\/wp-content\/uploads\/2025\/02\/haut-droite-gold.svg\" class=\"attachment-full size-full wp-image-681\" alt=\"\" title=\"\">\t\t\t\t\t\t\t\t\t\t\t\t\t\t\t<\/div>\n\t\t\t\t<\/div>\n\t\t\t\t<div class=\"elementor-element elementor-element-bec2ccc elementor-widget__width-auto elementor-absolute elementor-hidden-tablet elementor-hidden-mobile elementor-widget elementor-widget-image\" data-id=\"bec2ccc\" data-element_type=\"widget\" data-settings=\"{&quot;_position&quot;:&quot;absolute&quot;}\" data-widget_type=\"image.default\">\n\t\t\t\t<div class=\"elementor-widget-container\">\n\t\t\t\t\t\t\t\t\t\t\t\t\t\t\t<img loading=\"lazy\" decoding=\"async\" width=\"255\" height=\"363\" src=\"https:\/\/www.hotel-edenia-carnac.fr\/wp-content\/uploads\/2025\/02\/bas-gauche-gold.svg\" class=\"attachment-full size-full wp-image-682\" alt=\"\" title=\"\">\t\t\t\t\t\t\t\t\t\t\t\t\t\t\t<\/div>\n\t\t\t\t<\/div>\n\t\t<div class=\"elementor-element elementor-element-36a4851 e-con-full e-flex e-con e-child\" data-id=\"36a4851\" data-element_type=\"container\">\n\t\t<div class=\"elementor-element elementor-element-f51a84f e-con-full e-flex e-con e-child\" data-id=\"f51a84f\" data-element_type=\"container\">\n\t\t\t\t<div class=\"elementor-element elementor-element-a5e626c elementor-widget elementor-widget-heading\" data-id=\"a5e626c\" data-element_type=\"widget\" data-widget_type=\"heading.default\">\n\t\t\t\t<div class=\"elementor-widget-container\">\n\t\t\t\t\t<span class=\"elementor-heading-title elementor-size-default\">To the<\/span>\t\t\t\t<\/div>\n\t\t\t\t<\/div>\n\t\t\t\t<div class=\"elementor-element elementor-element-ce4f993 elementor-widget elementor-widget-heading\" data-id=\"ce4f993\" data-element_type=\"widget\" data-widget_type=\"heading.default\">\n\t\t\t\t<div class=\"elementor-widget-container\">\n\t\t\t\t\t<span class=\"elementor-heading-title elementor-size-default\">Rooms<\/span>\t\t\t\t<\/div>\n\t\t\t\t<\/div>\n\t\t\t\t<\/div>\n\t\t\t\t<div class=\"elementor-element elementor-element-ead7e90 elementor-widget__width-initial elementor-widget elementor-widget-image\" data-id=\"ead7e90\" data-element_type=\"widget\" data-widget_type=\"image.default\">\n\t\t\t\t<div class=\"elementor-widget-container\">\n\t\t\t\t\t\t\t\t\t\t\t\t\t\t\t<img loading=\"lazy\" decoding=\"async\" width=\"1920\" height=\"1280\" src=\"https:\/\/www.hotel-edenia-carnac.fr\/wp-content\/uploads\/2025\/03\/gallery_hotel-la-canopee-carnac44.jpg\" class=\"attachment-full size-full wp-image-3710\" alt=\"\" srcset=\"https:\/\/www.hotel-edenia-carnac.fr\/wp-content\/uploads\/2025\/03\/gallery_hotel-la-canopee-carnac44.jpg 1920w, https:\/\/www.hotel-edenia-carnac.fr\/wp-content\/uploads\/2025\/03\/gallery_hotel-la-canopee-carnac44-300x200.jpg 300w, https:\/\/www.hotel-edenia-carnac.fr\/wp-content\/uploads\/2025\/03\/gallery_hotel-la-canopee-carnac44-1024x683.jpg 1024w, https:\/\/www.hotel-edenia-carnac.fr\/wp-content\/uploads\/2025\/03\/gallery_hotel-la-canopee-carnac44-768x512.jpg 768w, https:\/\/www.hotel-edenia-carnac.fr\/wp-content\/uploads\/2025\/03\/gallery_hotel-la-canopee-carnac44-1536x1024.jpg 1536w, https:\/\/www.hotel-edenia-carnac.fr\/wp-content\/uploads\/2025\/03\/gallery_hotel-la-canopee-carnac44-18x12.jpg 18w\" sizes=\"(max-width: 1920px) 100vw, 1920px\" title=\"\">\t\t\t\t\t\t\t\t\t\t\t\t\t\t\t<\/div>\n\t\t\t\t<\/div>\n\t\t\t\t<\/div>\n\t\t<div class=\"elementor-element elementor-element-97c8bd6 e-con-full e-flex e-con e-child\" data-id=\"97c8bd6\" data-element_type=\"container\">\n\t\t\t\t<div class=\"elementor-element elementor-element-12dff2d elementor-hidden-tablet elementor-hidden-mobile elementor-widget elementor-widget-image\" data-id=\"12dff2d\" data-element_type=\"widget\" data-widget_type=\"image.default\">\n\t\t\t\t<div class=\"elementor-widget-container\">\n\t\t\t\t\t\t\t\t\t\t\t\t\t\t\t<img loading=\"lazy\" decoding=\"async\" width=\"1920\" height=\"1280\" src=\"https:\/\/www.hotel-edenia-carnac.fr\/wp-content\/uploads\/2025\/03\/gallery_hotel-la-canopee-carnac46.jpg\" class=\"attachment-full size-full wp-image-3727\" alt=\"\" srcset=\"https:\/\/www.hotel-edenia-carnac.fr\/wp-content\/uploads\/2025\/03\/gallery_hotel-la-canopee-carnac46.jpg 1920w, https:\/\/www.hotel-edenia-carnac.fr\/wp-content\/uploads\/2025\/03\/gallery_hotel-la-canopee-carnac46-300x200.jpg 300w, https:\/\/www.hotel-edenia-carnac.fr\/wp-content\/uploads\/2025\/03\/gallery_hotel-la-canopee-carnac46-1024x683.jpg 1024w, https:\/\/www.hotel-edenia-carnac.fr\/wp-content\/uploads\/2025\/03\/gallery_hotel-la-canopee-carnac46-768x512.jpg 768w, https:\/\/www.hotel-edenia-carnac.fr\/wp-content\/uploads\/2025\/03\/gallery_hotel-la-canopee-carnac46-1536x1024.jpg 1536w, https:\/\/www.hotel-edenia-carnac.fr\/wp-content\/uploads\/2025\/03\/gallery_hotel-la-canopee-carnac46-18x12.jpg 18w\" sizes=\"(max-width: 1920px) 100vw, 1920px\" title=\"\">\t\t\t\t\t\t\t\t\t\t\t\t\t\t\t<\/div>\n\t\t\t\t<\/div>\n\t\t\t\t<div class=\"elementor-element elementor-element-6ec8b9d elementor-widget__width-initial elementor-widget elementor-widget-text-editor\" data-id=\"6ec8b9d\" data-element_type=\"widget\" data-widget_type=\"text-editor.default\">\n\t\t\t\t<div class=\"elementor-widget-container\">\n\t\t\t\t\t\t\t\t\t<p>The H\u00f4tel \u00c9denia offers classically decorated rooms with sea or Carnac views for 1 or 2 people.<\/p>\t\t\t\t\t\t\t\t<\/div>\n\t\t\t\t<\/div>\n\t\t<div class=\"elementor-element elementor-element-13b248d e-con-full button-container gold e-flex e-con e-child\" data-id=\"13b248d\" data-element_type=\"container\" data-settings=\"{&quot;background_background&quot;:&quot;classic&quot;}\">\n\t\t\t\t<div class=\"elementor-element elementor-element-949363d bouton-commun exit-animation elementor-widget elementor-widget-button\" data-id=\"949363d\" data-element_type=\"widget\" data-widget_type=\"button.default\">\n\t\t\t\t<div class=\"elementor-widget-container\">\n\t\t\t\t\t\t\t\t\t<div class=\"elementor-button-wrapper\">\n\t\t\t\t\t<a class=\"elementor-button elementor-button-link elementor-size-sm\" href=\"https:\/\/www.hotel-edenia-carnac.fr\/en\/hotel-carnac-plage\/\">\n\t\t\t\t\t\t<span class=\"elementor-button-content-wrapper\">\n\t\t\t\t\t\t\t\t\t<span class=\"elementor-button-text\">Discover<\/span>\n\t\t\t\t\t<\/span>\n\t\t\t\t\t<\/a>\n\t\t\t\t<\/div>\n\t\t\t\t\t\t\t\t<\/div>\n\t\t\t\t<\/div>\n\t\t\t\t<div class=\"elementor-element elementor-element-1544bb2 elementor-widget__width-initial elementor-absolute button-bottom e-transform elementor-widget elementor-widget-image\" data-id=\"1544bb2\" data-element_type=\"widget\" data-settings=\"{&quot;_position&quot;:&quot;absolute&quot;,&quot;_transform_translateX_effect&quot;:{&quot;unit&quot;:&quot;%&quot;,&quot;size&quot;:-50,&quot;sizes&quot;:[]},&quot;_transform_translateX_effect_laptop&quot;:{&quot;unit&quot;:&quot;%&quot;,&quot;size&quot;:&quot;&quot;,&quot;sizes&quot;:[]},&quot;_transform_translateX_effect_tablet_extra&quot;:{&quot;unit&quot;:&quot;%&quot;,&quot;size&quot;:&quot;&quot;,&quot;sizes&quot;:[]},&quot;_transform_translateX_effect_tablet&quot;:{&quot;unit&quot;:&quot;%&quot;,&quot;size&quot;:&quot;&quot;,&quot;sizes&quot;:[]},&quot;_transform_translateX_effect_mobile&quot;:{&quot;unit&quot;:&quot;%&quot;,&quot;size&quot;:&quot;&quot;,&quot;sizes&quot;:[]},&quot;_transform_translateY_effect&quot;:{&quot;unit&quot;:&quot;px&quot;,&quot;size&quot;:&quot;&quot;,&quot;sizes&quot;:[]},&quot;_transform_translateY_effect_laptop&quot;:{&quot;unit&quot;:&quot;px&quot;,&quot;size&quot;:&quot;&quot;,&quot;sizes&quot;:[]},&quot;_transform_translateY_effect_tablet_extra&quot;:{&quot;unit&quot;:&quot;px&quot;,&quot;size&quot;:&quot;&quot;,&quot;sizes&quot;:[]},&quot;_transform_translateY_effect_tablet&quot;:{&quot;unit&quot;:&quot;px&quot;,&quot;size&quot;:&quot;&quot;,&quot;sizes&quot;:[]},&quot;_transform_translateY_effect_mobile&quot;:{&quot;unit&quot;:&quot;px&quot;,&quot;size&quot;:&quot;&quot;,&quot;sizes&quot;:[]}}\" data-widget_type=\"image.default\">\n\t\t\t\t<div class=\"elementor-widget-container\">\n\t\t\t\t\t\t\t\t\t\t\t\t\t\t\t<img decoding=\"async\" width=\"99\" height=\"11\" src=\"https:\/\/www.hotel-edenia-carnac.fr\/wp-content\/uploads\/2025\/02\/mask-button.svg\" class=\"attachment-full size-full wp-image-455\" alt=\"\" title=\"\">\t\t\t\t\t\t\t\t\t\t\t\t\t\t\t<\/div>\n\t\t\t\t<\/div>\n\t\t\t\t<\/div>\n\t\t\t\t<\/div>\n\t\t\t\t<\/div>\n\t\t\t\t<\/div>","protected":false},"excerpt":{"rendered":"<p>Spa Edenia Spa H\u00f4tel \u00c9denia Facing the bay of Quiberon, the \u00c9denia hotel offers a wellness area where you can enjoy a moment of pure relaxation. In a warm setting, our Spa features a hammam, a sauna, a sea-view jacuzzi, a Finnish shower and a sensory shower.   From this [...]<\/p>","protected":false},"author":13,"featured_media":0,"parent":0,"menu_order":0,"comment_status":"closed","ping_status":"closed","template":"","meta":{"inline_featured_image":false,"footnotes":""},"class_list":["post-116","page","type-page","status-publish","hentry"],"_links":{"self":[{"href":"https:\/\/www.hotel-edenia-carnac.fr\/en\/wp-json\/wp\/v2\/pages\/116","targetHints":{"allow":["GET"]}}],"collection":[{"href":"https:\/\/www.hotel-edenia-carnac.fr\/en\/wp-json\/wp\/v2\/pages"}],"about":[{"href":"https:\/\/www.hotel-edenia-carnac.fr\/en\/wp-json\/wp\/v2\/types\/page"}],"author":[{"embeddable":true,"href":"https:\/\/www.hotel-edenia-carnac.fr\/en\/wp-json\/wp\/v2\/users\/13"}],"replies":[{"embeddable":true,"href":"https:\/\/www.hotel-edenia-carnac.fr\/en\/wp-json\/wp\/v2\/comments?post=116"}],"version-history":[{"count":0,"href":"https:\/\/www.hotel-edenia-carnac.fr\/en\/wp-json\/wp\/v2\/pages\/116\/revisions"}],"wp:attachment":[{"href":"https:\/\/www.hotel-edenia-carnac.fr\/en\/wp-json\/wp\/v2\/media?parent=116"}],"curies":[{"name":"wp","href":"https:\/\/api.w.org\/{rel}","templated":true}]}}